{"id":4665,"date":"2024-03-19T19:59:01","date_gmt":"2024-03-19T19:59:01","guid":{"rendered":"http:\/\/f4i.0cc.mytemp.website\/?post_type=product&#038;p=4665"},"modified":"2026-04-23T19:16:20","modified_gmt":"2026-04-23T19:16:20","slug":"oreiller-nasal-brevida-masque-cpap-fitpack","status":"publish","type":"product","link":"https:\/\/respiart.ca\/fr\/shop\/brevida-nasal-pillow-cpap-mask-fitpack\/","title":{"rendered":"Masque CPAP \u00e0 oreiller nasal Brevida\u2122 (Fitpack)"},"content":{"rendered":"<p>Le F&amp;P Brevida\u2122 : Confort et personnalisation am\u00e9lior\u00e9s <a href=\"https:\/\/respiart.ca\/fr\/categorie-produit\/masque-bipap-cpap\/masque-cpap-a-coussin-nasal\/\">coussin nasal<\/a> Masques<\/p>\n<p><strong>Fonctionnalit\u00e9s de conception avanc\u00e9es\u00a0:<\/strong><\/p>\n<ul>\n<li><strong>Oreillers nasaux gonflables en deux tailles\u00a0:<\/strong> S&#039;appuyant sur la conception du Pilairo, le Brevida\u2122 comprend deux tailles d&#039;oreillers nasaux gonflables, XS-S et ML, garantissant un ajustement parfait pour tout utilisateur. Cette polyvalence r\u00e9pond aux besoins uniques des individus, offrant un confort personnalis\u00e9 et une \u00e9tanch\u00e9it\u00e9 efficace.<\/li>\n<li><strong>Syst\u00e8me de clipsage s\u00e9curis\u00e9\u00a0:<\/strong> Une avanc\u00e9e notable est le m\u00e9canisme de clipsage s\u00e9curis\u00e9 de l&#039;oreiller, une caract\u00e9ristique qui verrouille fermement l&#039;oreiller dans le cadre du masque. Cette innovation am\u00e9liore la stabilit\u00e9 et garantit des performances constantes, m\u00eame en cas de mouvement pendant le sommeil.<\/li>\n<li><strong>Casque ultra confortable\u00a0:<\/strong> S&#039;inspirant du design de l&#039;Eson 2, le casque Brevida\u2122 est fabriqu\u00e9 \u00e0 partir d&#039;un mat\u00e9riau flexible et ultra confortable. Le design innovant ressemble \u00e0 des lunettes de natation, avec des sangles fendues \u00e0 l&#039;arri\u00e8re pour un ajustement parfait, tandis que des languettes Velcro r\u00e9glables \u00e0 l&#039;avant permettent une personnalisation facile.<\/li>\n<\/ul>\n<p><strong>Brevida\u2122 FitPack\u00a0: une solution compl\u00e8te\u00a0:<\/strong><\/p>\n<p>Le Brevida\u2122 est livr\u00e9 sous forme d&#039;un fitpack complet, qui comprend des coussins XS-S et ML. Cette inclusion garantit que les utilisateurs de toutes tailles de nez trouvent leur ajustement parfait sans avoir besoin d&#039;achats s\u00e9par\u00e9s. Cela t\u00e9moigne de l&#039;engagement de Fisher &amp; Paykel \u00e0 fournir des solutions qui r\u00e9pondent aux divers besoins de leurs utilisateurs.<\/p>\n<p>D\u00e9couvrez l\u2019avenir des masques nasaux avec le F&amp;P Brevida\u2122, con\u00e7u pour offrir un confort, une adaptabilit\u00e9 et une facilit\u00e9 d\u2019utilisation in\u00e9gal\u00e9s. Que vous soyez nouveau dans la th\u00e9rapie CPAP ou que vous cherchiez \u00e0 am\u00e9liorer votre exp\u00e9rience, le Brevida\u2122 offre une transition en douceur vers une meilleure qualit\u00e9 de sommeil.<\/p>","protected":false},"excerpt":{"rendered":"<p>Pr\u00e9sentation du Brevida\u2122, le summum de l&#039;innovation de Fisher &amp; Paykel en mati\u00e8re de masques \u00e0 oreillers nasaux. Con\u00e7u comme une mise \u00e0 niveau compl\u00e8te du Pilairo, le Brevida\u2122 conserve le style familier tout en introduisant des am\u00e9liorations r\u00e9volutionnaires pour une exp\u00e9rience de th\u00e9rapie du sommeil in\u00e9gal\u00e9e.<\/p>","protected":false},"featured_media":4666,"comment_status":"open","ping_status":"closed","template":"","meta":[],"product_brand":[],"product_cat":[99],"product_tag":[],"class_list":{"0":"post-4665","1":"product","2":"type-product","3":"status-publish","4":"has-post-thumbnail","6":"product_cat-nasal-cpap-mask","8":"first","9":"instock","10":"taxable","11":"shipping-taxable","12":"purchasable","13":"product-type-simple"},"yoast_head":"<!-- This site is optimized with the Yoast SEO plugin v27.4 - https:\/\/yoast.com\/product\/yoast-seo-wordpress\/ -->\n<title>Brevida\u2122 Nasal Pillow CPAP Mask (Fitpack) | Respiart - Respiratory therapist Montreal<\/title>\n<meta name=\"description\" content=\"Introducing the Brevida\u2122, Fisher &amp; Paykel&#039;s pinnacle of innovation in nasal pillow masks. Engineered as a comprehensive upgrade from the Pilairo, the Brevida\u2122 retains the familiar styling while introducing groundbreaking enhancements for an unparalleled sleep therapy experience.\" \/>\n<meta name=\"robots\" content=\"index, follow, max-snippet:-1, max-image-preview:large, max-video-preview:-1\" \/>\n<link rel=\"canonical\" href=\"https:\/\/respiart.ca\/fr\/magasin\/oreiller-nasal-brevida-masque-cpap-fitpack\/\" \/>\n<meta property=\"og:locale\" content=\"fr_CA\" \/>\n<meta property=\"og:type\" content=\"article\" \/>\n<meta property=\"og:title\" content=\"Brevida\u2122 Nasal Pillow CPAP Mask (Fitpack) | Respiart - Respiratory therapist Montreal\" \/>\n<meta property=\"og:description\" content=\"Introducing the Brevida\u2122, Fisher &amp; Paykel&#039;s pinnacle of innovation in nasal pillow masks. Engineered as a comprehensive upgrade from the Pilairo, the Brevida\u2122 retains the familiar styling while introducing groundbreaking enhancements for an unparalleled sleep therapy experience.\" \/>\n<meta property=\"og:url\" content=\"https:\/\/respiart.ca\/fr\/magasin\/oreiller-nasal-brevida-masque-cpap-fitpack\/\" \/>\n<meta property=\"og:site_name\" content=\"Respiart - Respiratory therapist Montreal\" \/>\n<meta property=\"article:modified_time\" content=\"2026-04-23T19:16:20+00:00\" \/>\n<meta property=\"og:image\" content=\"https:\/\/respiart.ca\/wp-content\/uploads\/2024\/03\/Brevida_d339c3e7-8675-4a0d-95f7-c5dc6ab1cab1_grande.webp\" \/>\n\t<meta property=\"og:image:width\" content=\"600\" \/>\n\t<meta property=\"og:image:height\" content=\"466\" \/>\n\t<meta property=\"og:image:type\" content=\"image\/webp\" \/>\n<meta name=\"twitter:card\" content=\"summary_large_image\" \/>\n<meta name=\"twitter:label1\" content=\"Estimation du temps de lecture\" \/>\n\t<meta name=\"twitter:data1\" content=\"2 minutes\" \/>\n<script type=\"application\/ld+json\" class=\"yoast-schema-graph\">{\"@context\":\"https:\\\/\\\/schema.org\",\"@graph\":[{\"@type\":\"WebPage\",\"@id\":\"https:\\\/\\\/respiart.ca\\\/shop\\\/brevida-nasal-pillow-cpap-mask-fitpack\\\/\",\"url\":\"https:\\\/\\\/respiart.ca\\\/shop\\\/brevida-nasal-pillow-cpap-mask-fitpack\\\/\",\"name\":\"Brevida\u2122 Nasal Pillow CPAP Mask (Fitpack) | Respiart - Respiratory therapist Montreal\",\"isPartOf\":{\"@id\":\"https:\\\/\\\/respiart.ca\\\/ar\\\/#website\"},\"primaryImageOfPage\":{\"@id\":\"https:\\\/\\\/respiart.ca\\\/shop\\\/brevida-nasal-pillow-cpap-mask-fitpack\\\/#primaryimage\"},\"image\":{\"@id\":\"https:\\\/\\\/respiart.ca\\\/shop\\\/brevida-nasal-pillow-cpap-mask-fitpack\\\/#primaryimage\"},\"thumbnailUrl\":\"https:\\\/\\\/respiart.ca\\\/wp-content\\\/uploads\\\/2024\\\/03\\\/Brevida_d339c3e7-8675-4a0d-95f7-c5dc6ab1cab1_grande.webp\",\"datePublished\":\"2024-03-19T19:59:01+00:00\",\"dateModified\":\"2026-04-23T19:16:20+00:00\",\"description\":\"Introducing the Brevida\u2122, Fisher &amp; Paykel's pinnacle of innovation in nasal pillow masks. Engineered as a comprehensive upgrade from the Pilairo, the Brevida\u2122 retains the familiar styling while introducing groundbreaking enhancements for an unparalleled sleep therapy experience.\",\"breadcrumb\":{\"@id\":\"https:\\\/\\\/respiart.ca\\\/shop\\\/brevida-nasal-pillow-cpap-mask-fitpack\\\/#breadcrumb\"},\"inLanguage\":\"fr-CA\",\"potentialAction\":[{\"@type\":\"ReadAction\",\"target\":[\"https:\\\/\\\/respiart.ca\\\/shop\\\/brevida-nasal-pillow-cpap-mask-fitpack\\\/\"]}]},{\"@type\":\"ImageObject\",\"inLanguage\":\"fr-CA\",\"@id\":\"https:\\\/\\\/respiart.ca\\\/shop\\\/brevida-nasal-pillow-cpap-mask-fitpack\\\/#primaryimage\",\"url\":\"https:\\\/\\\/respiart.ca\\\/wp-content\\\/uploads\\\/2024\\\/03\\\/Brevida_d339c3e7-8675-4a0d-95f7-c5dc6ab1cab1_grande.webp\",\"contentUrl\":\"https:\\\/\\\/respiart.ca\\\/wp-content\\\/uploads\\\/2024\\\/03\\\/Brevida_d339c3e7-8675-4a0d-95f7-c5dc6ab1cab1_grande.webp\",\"width\":600,\"height\":466},{\"@type\":\"BreadcrumbList\",\"@id\":\"https:\\\/\\\/respiart.ca\\\/shop\\\/brevida-nasal-pillow-cpap-mask-fitpack\\\/#breadcrumb\",\"itemListElement\":[{\"@type\":\"ListItem\",\"position\":1,\"name\":\"Home\",\"item\":\"https:\\\/\\\/respiart.ca\\\/\"},{\"@type\":\"ListItem\",\"position\":2,\"name\":\"Shop CPAP\",\"item\":\"https:\\\/\\\/respiart.ca\\\/shop-cpap\\\/\"},{\"@type\":\"ListItem\",\"position\":3,\"name\":\"Brevida\u2122 Nasal Pillow CPAP Mask (Fitpack)\"}]},{\"@type\":\"WebSite\",\"@id\":\"https:\\\/\\\/respiart.ca\\\/ar\\\/#website\",\"url\":\"https:\\\/\\\/respiart.ca\\\/ar\\\/\",\"name\":\"RespiArt - Sleep apnea & CPAPs\",\"description\":\"CPAPs and tests for sleep apnea, asthma, oximetry\",\"publisher\":{\"@id\":\"https:\\\/\\\/respiart.ca\\\/ar\\\/#organization\"},\"potentialAction\":[{\"@type\":\"SearchAction\",\"target\":{\"@type\":\"EntryPoint\",\"urlTemplate\":\"https:\\\/\\\/respiart.ca\\\/ar\\\/?s={search_term_string}\"},\"query-input\":{\"@type\":\"PropertyValueSpecification\",\"valueRequired\":true,\"valueName\":\"search_term_string\"}}],\"inLanguage\":\"fr-CA\"},{\"@type\":\"Organization\",\"@id\":\"https:\\\/\\\/respiart.ca\\\/ar\\\/#organization\",\"name\":\"RespiArt - Sleep apnea & CPAPs\",\"url\":\"https:\\\/\\\/respiart.ca\\\/ar\\\/\",\"logo\":{\"@type\":\"ImageObject\",\"inLanguage\":\"fr-CA\",\"@id\":\"https:\\\/\\\/respiart.ca\\\/ar\\\/#\\\/schema\\\/logo\\\/image\\\/\",\"url\":\"https:\\\/\\\/respiart.ca\\\/wp-content\\\/uploads\\\/2022\\\/05\\\/Respiart-logo-1-e1651540192142.png\",\"contentUrl\":\"https:\\\/\\\/respiart.ca\\\/wp-content\\\/uploads\\\/2022\\\/05\\\/Respiart-logo-1-e1651540192142.png\",\"width\":237,\"height\":61,\"caption\":\"RespiArt - Sleep apnea & CPAPs\"},\"image\":{\"@id\":\"https:\\\/\\\/respiart.ca\\\/ar\\\/#\\\/schema\\\/logo\\\/image\\\/\"}}]}<\/script>\n<!-- \/ Yoast SEO plugin. -->","yoast_head_json":{"title":"Masque CPAP \u00e0 oreiller nasal Brevida\u2122 (Fitpack) | Repiart - Inhaloth\u00e9rapeute Montr\u00e9al","description":"Pr\u00e9sentation du Brevida\u2122, le summum de l&#039;innovation de Fisher &amp; Paykel en mati\u00e8re de masques \u00e0 oreillers nasaux. Con\u00e7u comme une mise \u00e0 niveau compl\u00e8te du Pilairo, le Brevida\u2122 conserve le style familier tout en introduisant des am\u00e9liorations r\u00e9volutionnaires pour une exp\u00e9rience de th\u00e9rapie du sommeil in\u00e9gal\u00e9e.","robots":{"index":"index","follow":"follow","max-snippet":"max-snippet:-1","max-image-preview":"max-image-preview:large","max-video-preview":"max-video-preview:-1"},"canonical":"https:\/\/respiart.ca\/fr\/magasin\/oreiller-nasal-brevida-masque-cpap-fitpack\/","og_locale":"fr_CA","og_type":"article","og_title":"Brevida\u2122 Nasal Pillow CPAP Mask (Fitpack) | Respiart - Respiratory therapist Montreal","og_description":"Introducing the Brevida\u2122, Fisher &amp; Paykel's pinnacle of innovation in nasal pillow masks. Engineered as a comprehensive upgrade from the Pilairo, the Brevida\u2122 retains the familiar styling while introducing groundbreaking enhancements for an unparalleled sleep therapy experience.","og_url":"https:\/\/respiart.ca\/fr\/magasin\/oreiller-nasal-brevida-masque-cpap-fitpack\/","og_site_name":"Respiart - Respiratory therapist Montreal","article_modified_time":"2026-04-23T19:16:20+00:00","og_image":[{"width":600,"height":466,"url":"https:\/\/respiart.ca\/wp-content\/uploads\/2024\/03\/Brevida_d339c3e7-8675-4a0d-95f7-c5dc6ab1cab1_grande.webp","type":"image\/webp"}],"twitter_card":"summary_large_image","twitter_misc":{"Estimation du temps de lecture":"2 minutes"},"schema":{"@context":"https:\/\/schema.org","@graph":[{"@type":"WebPage","@id":"https:\/\/respiart.ca\/shop\/brevida-nasal-pillow-cpap-mask-fitpack\/","url":"https:\/\/respiart.ca\/shop\/brevida-nasal-pillow-cpap-mask-fitpack\/","name":"Masque CPAP \u00e0 oreiller nasal Brevida\u2122 (Fitpack) | Repiart - Inhaloth\u00e9rapeute Montr\u00e9al","isPartOf":{"@id":"https:\/\/respiart.ca\/ar\/#website"},"primaryImageOfPage":{"@id":"https:\/\/respiart.ca\/shop\/brevida-nasal-pillow-cpap-mask-fitpack\/#primaryimage"},"image":{"@id":"https:\/\/respiart.ca\/shop\/brevida-nasal-pillow-cpap-mask-fitpack\/#primaryimage"},"thumbnailUrl":"https:\/\/respiart.ca\/wp-content\/uploads\/2024\/03\/Brevida_d339c3e7-8675-4a0d-95f7-c5dc6ab1cab1_grande.webp","datePublished":"2024-03-19T19:59:01+00:00","dateModified":"2026-04-23T19:16:20+00:00","description":"Pr\u00e9sentation du Brevida\u2122, le summum de l&#039;innovation de Fisher &amp; Paykel en mati\u00e8re de masques \u00e0 oreillers nasaux. Con\u00e7u comme une mise \u00e0 niveau compl\u00e8te du Pilairo, le Brevida\u2122 conserve le style familier tout en introduisant des am\u00e9liorations r\u00e9volutionnaires pour une exp\u00e9rience de th\u00e9rapie du sommeil in\u00e9gal\u00e9e.","breadcrumb":{"@id":"https:\/\/respiart.ca\/shop\/brevida-nasal-pillow-cpap-mask-fitpack\/#breadcrumb"},"inLanguage":"fr-CA","potentialAction":[{"@type":"ReadAction","target":["https:\/\/respiart.ca\/shop\/brevida-nasal-pillow-cpap-mask-fitpack\/"]}]},{"@type":"ImageObject","inLanguage":"fr-CA","@id":"https:\/\/respiart.ca\/shop\/brevida-nasal-pillow-cpap-mask-fitpack\/#primaryimage","url":"https:\/\/respiart.ca\/wp-content\/uploads\/2024\/03\/Brevida_d339c3e7-8675-4a0d-95f7-c5dc6ab1cab1_grande.webp","contentUrl":"https:\/\/respiart.ca\/wp-content\/uploads\/2024\/03\/Brevida_d339c3e7-8675-4a0d-95f7-c5dc6ab1cab1_grande.webp","width":600,"height":466},{"@type":"BreadcrumbList","@id":"https:\/\/respiart.ca\/shop\/brevida-nasal-pillow-cpap-mask-fitpack\/#breadcrumb","itemListElement":[{"@type":"ListItem","position":1,"name":"Home","item":"https:\/\/respiart.ca\/"},{"@type":"ListItem","position":2,"name":"Shop CPAP","item":"https:\/\/respiart.ca\/shop-cpap\/"},{"@type":"ListItem","position":3,"name":"Brevida\u2122 Nasal Pillow CPAP Mask (Fitpack)"}]},{"@type":"WebSite","@id":"https:\/\/respiart.ca\/ar\/#website","url":"https:\/\/respiart.ca\/ar\/","name":"RespiArt - Apn\u00e9e du sommeil et CPAP","description":"CPAP et tests pour l&#039;apn\u00e9e du sommeil, l&#039;asthme, l&#039;oxym\u00e9trie","publisher":{"@id":"https:\/\/respiart.ca\/ar\/#organization"},"potentialAction":[{"@type":"SearchAction","target":{"@type":"EntryPoint","urlTemplate":"https:\/\/respiart.ca\/ar\/?s={search_term_string}"},"query-input":{"@type":"PropertyValueSpecification","valueRequired":true,"valueName":"search_term_string"}}],"inLanguage":"fr-CA"},{"@type":"Organization","@id":"https:\/\/respiart.ca\/ar\/#organization","name":"RespiArt - Apn\u00e9e du sommeil et CPAP","url":"https:\/\/respiart.ca\/ar\/","logo":{"@type":"ImageObject","inLanguage":"fr-CA","@id":"https:\/\/respiart.ca\/ar\/#\/schema\/logo\/image\/","url":"https:\/\/respiart.ca\/wp-content\/uploads\/2022\/05\/Respiart-logo-1-e1651540192142.png","contentUrl":"https:\/\/respiart.ca\/wp-content\/uploads\/2022\/05\/Respiart-logo-1-e1651540192142.png","width":237,"height":61,"caption":"RespiArt - Sleep apnea & CPAPs"},"image":{"@id":"https:\/\/respiart.ca\/ar\/#\/schema\/logo\/image\/"}}]}},"_links":{"self":[{"href":"https:\/\/respiart.ca\/fr\/wp-json\/wp\/v2\/product\/4665","targetHints":{"allow":["GET"]}}],"collection":[{"href":"https:\/\/respiart.ca\/fr\/wp-json\/wp\/v2\/product"}],"about":[{"href":"https:\/\/respiart.ca\/fr\/wp-json\/wp\/v2\/types\/product"}],"replies":[{"embeddable":true,"href":"https:\/\/respiart.ca\/fr\/wp-json\/wp\/v2\/comments?post=4665"}],"wp:featuredmedia":[{"embeddable":true,"href":"https:\/\/respiart.ca\/fr\/wp-json\/wp\/v2\/media\/4666"}],"wp:attachment":[{"href":"https:\/\/respiart.ca\/fr\/wp-json\/wp\/v2\/media?parent=4665"}],"wp:term":[{"taxonomy":"product_brand","embeddable":true,"href":"https:\/\/respiart.ca\/fr\/wp-json\/wp\/v2\/product_brand?post=4665"},{"taxonomy":"product_cat","embeddable":true,"href":"https:\/\/respiart.ca\/fr\/wp-json\/wp\/v2\/product_cat?post=4665"},{"taxonomy":"product_tag","embeddable":true,"href":"https:\/\/respiart.ca\/fr\/wp-json\/wp\/v2\/product_tag?post=4665"}],"curies":[{"name":"wp","href":"https:\/\/api.w.org\/{rel}","templated":true}]}}